{"id":52,"date":"2023-12-16T11:14:35","date_gmt":"2023-12-16T02:14:35","guid":{"rendered":"https:\/\/jpgs.jp\/?page_id=52"},"modified":"2025-02-19T17:52:45","modified_gmt":"2025-02-19T08:52:45","slug":"isumi-area-%e3%82%92%e8%a6%b3%e5%85%89%e3%81%a7%e5%85%83%e6%b0%97%e3%81%ab%ef%bc%81","status":"publish","type":"page","link":"https:\/\/jpgs.jp\/es\/?page_id=52","title":{"rendered":"\u00a1Dinamizando el \u00c1rea de ISUMI a trav\u00e9s del turismo!"},"content":{"rendered":"\n<p>La empresa JPGS fue registrada el 29 de marzo de 2024 como candidata a DMO (Organizaci\u00f3n de Gesti\u00f3n de Destino) en cooperaci\u00f3n regional por la Agencia de Turismo.<\/p>\n\n\n<div class=\"wp-block-image\">\n<figure class=\"aligncenter size-full is-resized\"><img loading=\"lazy\" decoding=\"async\" width=\"1478\" height=\"716\" src=\"https:\/\/jpgs.jp\/es\/wp-content\/uploads\/2024\/05\/\u3044\u3059\u307f\u5730\u533a\u5730\u56f3_es-1.png\" alt=\"\" class=\"wp-image-292\" style=\"width:827px;height:auto\"\/><\/figure>\n<\/div>\n\n\n<h2 class=\"wp-block-heading\">Situaci\u00f3n actual en la regi\u00f3n de ISUMI<\/h2>\n\n\n\n<p>La poblaci\u00f3n de la regi\u00f3n de Isumi es de 68,349 personas (seg\u00fan el Informe Mensual de Poblaci\u00f3n Residente de Chiba, al 1 de octubre del a\u00f1o 2 de la era Reiwa), lo que representa el 1.09% de la poblaci\u00f3n total de la prefectura, pero muestra una tendencia a la disminuci\u00f3n, incluida la poblaci\u00f3n activa. Aunque la regi\u00f3n cuenta con abundantes recursos tur\u00edsticos tanto en la industria alimentaria como en la tur\u00edstica, el n\u00famero de visitantes, incluidos los ba\u00f1istas, ha disminuido debido a la diversificaci\u00f3n de las actividades de ocio y la falta de acceso al transporte en la regi\u00f3n, y los establecimientos de alojamiento est\u00e1n envejeciendo y los operadores son cada vez m\u00e1s mayores.<\/p>\n\n\n\n<figure class=\"wp-block-gallery has-nested-images columns-default is-cropped wp-block-gallery-1 is-layout-flex wp-block-gallery-is-layout-flex\">\n<figure class=\"wp-block-image size-large\"><img loading=\"lazy\" decoding=\"async\" width=\"1024\" height=\"768\" data-id=\"42\" src=\"https:\/\/jpgs.jp\/wp-content\/uploads\/2023\/12\/IMG_5355-1024x768.jpg\" alt=\"\" class=\"wp-image-42\"\/><\/figure>\n\n\n\n<figure class=\"wp-block-image size-large\"><img loading=\"lazy\" decoding=\"async\" width=\"1024\" height=\"768\" data-id=\"41\" src=\"https:\/\/jpgs.jp\/wp-content\/uploads\/2023\/12\/IMG_5354-1024x768.jpg\" alt=\"\" class=\"wp-image-41\"\/><\/figure>\n\n\n\n<figure class=\"wp-block-image size-large\"><img loading=\"lazy\" decoding=\"async\" width=\"1024\" height=\"768\" data-id=\"40\" src=\"https:\/\/jpgs.jp\/wp-content\/uploads\/2023\/12\/IMG_5353-1024x768.jpg\" alt=\"\" class=\"wp-image-40\"\/><\/figure>\n<\/figure>\n\n\n\n<h2 class=\"wp-block-heading\">Generaci\u00f3n y creaci\u00f3n de demanda tur\u00edstica<\/h2>\n\n\n\n<p>Nuestra misi\u00f3n es la <strong>&#8220;generaci\u00f3n y creaci\u00f3n de demanda tur\u00edstica&#8221;<\/strong>. No solo buscamos crear demanda basada en las caracter\u00edsticas existentes de la regi\u00f3n, sino tambi\u00e9n generar nuevas formas de turismo y demanda.<br>Creemos que muchos de los desaf\u00edos en la regi\u00f3n de Isumi pueden resolverse a trav\u00e9s del turismo. Por lo tanto, promoveremos una colaboraci\u00f3n m\u00e1s estrecha entre las 2 ciudades y 2 pueblos de la regi\u00f3n de Isumi en torno al turismo y utilizaremos eficazmente los valiosos recursos naturales de la regi\u00f3n, como el mar, las monta\u00f1as y las \u00e1reas rurales, para desarrollar la regi\u00f3n tur\u00edstica. Hemos sido reconocidos como una empresa registrada en la organizaci\u00f3n de gesti\u00f3n de destinos regionales y estableceremos una estructura para atraer a visitantes, promocionando los atractivos de la regi\u00f3n de Isumi tanto a nivel nacional como internacional. El turismo generar\u00e1 nuevos empleos, aumentar\u00e1 la poblaci\u00f3n de intercambio, resolver\u00e1 la escasez de empleados y contribuir\u00e1 a resolver los problemas regionales.<\/p>\n\n\n\n<p>El concepto de los interesados en el turismo y la DMO en la regi\u00f3n de Isumi se presenta en el diagrama adjunto.<\/p>\n\n\n<div class=\"wp-block-image\">\n<figure class=\"aligncenter size-full is-resized\"><img loading=\"lazy\" decoding=\"async\" width=\"800\" height=\"929\" src=\"https:\/\/jpgs.jp\/es\/wp-content\/uploads\/2024\/05\/\u5171\u901a\u76ee\u7684\u56f3_es.png\" alt=\"\" class=\"wp-image-275\" style=\"width:608px;height:auto\"\/><\/figure>\n<\/div>\n\n\n<p>En cuanto a la resoluci\u00f3n de los problemas en la regi\u00f3n de Isumi, consideramos nuestra misi\u00f3n como el &#8220;Plan de Cien A\u00f1os para la Regi\u00f3n de Chiba-Isumi&#8221;. Nuestro objetivo es aprovechar los recursos locales, mejorarlos, atraer personas a la regi\u00f3n, crear un sistema para vender productos locales y cultivar la fuerza de trabajo local para mantener este sistema en funcionamiento durante mucho tiempo. Nos esforzaremos por posicionar el &#8220;turismo&#8221; como una puerta de entrada para resolver todos los problemas y como el n\u00facleo de nuestro negocio.<\/p>\n\n\n\n<h2 class=\"wp-block-heading\">Plan de acci\u00f3n espec\u00edfico<\/h2>\n\n\n\n<h3 class=\"wp-block-heading\">\u2460Atracci\u00f3n de viajes educativos<\/h3>\n\n\n\n<p>Nos enfocaremos tanto en el mercado nacional como en el internacional. Buscaremos atraer turistas educativos que no se limiten solo a estudiantes y experiencias.<\/p>\n\n\n\n<figure class=\"wp-block-gallery has-nested-images columns-default is-cropped wp-block-gallery-2 is-layout-flex wp-block-gallery-is-layout-flex\">\n<figure class=\"wp-block-image size-full\"><img loading=\"lazy\" decoding=\"async\" width=\"800\" height=\"533\" data-id=\"164\" src=\"https:\/\/jpgs.jp\/wp-content\/uploads\/2024\/01\/pixta_23588796_L\u306e\u30b3\u30d2\u309a\u30fc.jpg\" alt=\"\" class=\"wp-image-164\"\/><\/figure>\n\n\n\n<figure class=\"wp-block-image size-large\"><img loading=\"lazy\" decoding=\"async\" width=\"640\" height=\"480\" data-id=\"94\" src=\"https:\/\/jpgs.jp\/wp-content\/uploads\/2023\/12\/8815_x_large.jpeg\" alt=\"\" class=\"wp-image-94\"\/><\/figure>\n<\/figure>\n\n\n\n<h3 class=\"wp-block-heading\">\u2461Promoci\u00f3n del turismo inbound<\/h3>\n\n\n\n<p>Nos centraremos en los pa\u00edses conectados con los aeropuertos de Narita\/Haneda y buscaremos generar nueva demanda mediante una mayor colaboraci\u00f3n con los aeropuertos de Narita\/Haneda.<\/p>\n\n\n\n<figure class=\"wp-block-gallery has-nested-images columns-default is-cropped wp-block-gallery-3 is-layout-flex wp-block-gallery-is-layout-flex\">\n<figure class=\"wp-block-image size-full\"><img loading=\"lazy\" decoding=\"async\" width=\"1000\" height=\"667\" data-id=\"165\" src=\"https:\/\/jpgs.jp\/wp-content\/uploads\/2024\/01\/NEWS\u4e0b\u2462\u306e\u30b3\u30d2\u309a\u30fc-1.jpg\" alt=\"\" class=\"wp-image-165\"\/><\/figure>\n\n\n\n<figure class=\"wp-block-image size-large\"><img loading=\"lazy\" decoding=\"async\" width=\"1024\" height=\"578\" data-id=\"96\" src=\"https:\/\/jpgs.jp\/wp-content\/uploads\/2023\/12\/211625_x_large-1024x578.jpeg\" alt=\"\" class=\"wp-image-96\"\/><\/figure>\n<\/figure>\n\n\n\n<h3 class=\"wp-block-heading\">\u2462Promoci\u00f3n de la residencia y la migraci\u00f3n (incluyendo el matrimonio)<\/h3>\n\n\n\n<p>Nuestro enfoque b\u00e1sico ser\u00e1 la atracci\u00f3n de turistas a trav\u00e9s de la residencia local (actividades para solteros no deseados). Buscaremos generar demanda a trav\u00e9s del desarrollo de actividades de matrimonio centradas en los viajes, evitar desajustes en la migraci\u00f3n y promover la residencia.<\/p>\n\n\n\n<div class=\"wp-block-columns is-layout-flex wp-container-core-columns-is-layout-9d6595d7 wp-block-columns-is-layout-flex\">\n<div class=\"wp-block-column is-layout-flow wp-block-column-is-layout-flow\" style=\"flex-basis:100%\">\n<figure class=\"wp-block-gallery has-nested-images columns-default is-cropped wp-block-gallery-4 is-layout-flex wp-block-gallery-is-layout-flex\">\n<figure class=\"wp-block-image size-large\"><img loading=\"lazy\" decoding=\"async\" width=\"1024\" height=\"683\" data-id=\"166\" src=\"https:\/\/jpgs.jp\/wp-content\/uploads\/2024\/01\/AdobeStock_79440200\u306e\u30b3\u30d2\u309a\u30fc-1024x683.jpeg\" alt=\"\" class=\"wp-image-166\"\/><\/figure>\n<\/figure>\n<\/div>\n<\/div>\n\n\n\n<h3 class=\"wp-block-heading\">\u2463Promoci\u00f3n del trabajo vacacional<\/h3>\n\n\n\n<p>Promoveremos actividades como &#8220;viajes (estancias cortas) que generen repetici\u00f3n de demanda&#8221;, &#8220;estancias \u2192 residencia en dos ubicaciones \u2192 migraci\u00f3n \u2192 residencia&#8221; y &#8220;creaci\u00f3n de demanda como base para los lugares de trabajo vacacionales de las empresas&#8221;.<\/p>\n\n\n\n<figure class=\"wp-block-gallery has-nested-images columns-default is-cropped wp-block-gallery-5 is-layout-flex wp-block-gallery-is-layout-flex\">\n<figure class=\"wp-block-image size-large\"><img loading=\"lazy\" decoding=\"async\" width=\"1024\" height=\"682\" data-id=\"167\" src=\"https:\/\/jpgs.jp\/wp-content\/uploads\/2024\/01\/laptop-2443739_1280-1024x682.jpg\" alt=\"\" class=\"wp-image-167\"\/><\/figure>\n<\/figure>\n\n\n\n<h3 class=\"wp-block-heading\">\u2464Promoci\u00f3n de DX tur\u00edstico y seminarios<\/h3>\n\n\n\n<p>Introduciremos el DX tur\u00edstico y organizaremos talleres, seminarios, etc., para complementar la falta de personal y realizar actividades de manera m\u00e1s eficiente.<\/p>\n\n\n\n<figure class=\"wp-block-gallery has-nested-images columns-default is-cropped wp-block-gallery-6 is-layout-flex wp-block-gallery-is-layout-flex\">\n<figure class=\"wp-block-image size-large\"><img loading=\"lazy\" decoding=\"async\" width=\"1024\" height=\"682\" data-id=\"168\" src=\"https:\/\/jpgs.jp\/wp-content\/uploads\/2024\/01\/lecture-3986809_1280-1024x682.jpg\" alt=\"\" class=\"wp-image-168\"\/><\/figure>\n<\/figure>\n\n\n\n<h3 class=\"wp-block-heading\">\u2465Promoci\u00f3n de medidas para casas vac\u00edas<\/h3>\n\n\n\n<p>Promoveremos la conversi\u00f3n de casas vac\u00edas en alojamientos y obtendremos certificaciones internacionales como Albergo Diffuso mientras trabajamos en la resoluci\u00f3n de problemas regionales, como las casas vac\u00edas.<\/p>\n\n\n\n<figure class=\"wp-block-gallery has-nested-images columns-default is-cropped wp-block-gallery-7 is-layout-flex wp-block-gallery-is-layout-flex\">\n<figure class=\"wp-block-image size-large\"><img loading=\"lazy\" decoding=\"async\" width=\"576\" height=\"384\" data-id=\"169\" src=\"https:\/\/jpgs.jp\/wp-content\/uploads\/2024\/01\/3779790_m\u306e\u30b3\u30d2\u309a\u30fc.jpg\" alt=\"\" class=\"wp-image-169\"\/><\/figure>\n<\/figure>\n\n\n\n<h2 class=\"wp-block-heading\">Qui\u00e9nes somos<\/h2>\n\n\n\n<figure class=\"wp-block-table\"><table><tbody><tr><td>Nombre de la empresa<\/td><td>JIJI PRESS GLOCAL SERVICES INC.<\/td><\/tr><tr><td>Nombre en ingl\u00e9s<\/td><td>JIJI PRESS GLOCAL SERVICES INC.\uff08abreviado:JPGS\uff09<\/td><\/tr><tr><td>Establecimiento<\/td><td>1 de noviembre de 2023 (Reiwa 5)<\/td><\/tr><tr><td>Direcci\u00f3n<\/td><td>227-15 Ebado, Misaki-cho, Isumi-shi, Chiba 299-4612 (Oficina central)<br>Kyowa Homes Enju Ochanomizu Building 3F, 2-17-2 Sotokanda, Chiyoda-ku, Tokio 101-0021 (Oficina de Tokio)<\/td><\/tr><tr><td>Capital<\/td><td>10 millones de yenes (100% propiedad de Jiji Press Ltd.)<\/td><\/tr><tr><td>N\u00famero de empleados<\/td><td>11 personas [3 a tiempo completo (1 empleado regular, 2 destacados), 8 a tiempo parcial (8 contratistas)]<\/td><\/tr><tr><td>Representante<\/td><td>Director Presidente (CEO) Ichiro Sugimoto<\/td><\/tr><tr><td>Organizaciones gubernamentales locales asociadas<br>Nombre del departamento responsable<\/td><td>\u30fbPrefectura de Chiba (coordinaci\u00f3n de 2 ciudades y 2 pueblos)<br>\u30fbCiudad de Katsuura, Departamento de Turismo y Comercio (coordinaci\u00f3n del consenso regional dentro de la ciudad de Katsuura)<br>\u30fbCiudad de Isumi, Departamento de Pesca, Comercio y Turismo (coordinaci\u00f3n del consenso regional dentro de la ciudad de Isumi)<br>\u30fbPueblo de Otaki, Departamento de Comercio y Turismo (coordinaci\u00f3n del consenso regional dentro del pueblo de Otaki)<br>\u30fbPueblo de Onjuku, Departamento de Industria y Turismo (coordinaci\u00f3n del consenso regional dentro del pueblo de Onjuku)<\/td><\/tr><tr><td>Empresas asociadas<\/td><td>\u30fbJiji Press Ltd. (establecimiento de la corporaci\u00f3n\/recolecci\u00f3n de ejemplos avanzados de otros gobiernos locales\/creaci\u00f3n de conexiones con ministerios y agencias centrales\/organizaci\u00f3n de emparejamientos y arreglos comerciales con empresas privadas)<br>\u30fbAsociaci\u00f3n General Incorporada de Estancias en Granjas de Jap\u00f3n (promoci\u00f3n pr\u00e1ctica de proyectos de turismo y alojamiento rural\/arreglos y emparejamientos con empresas privadas en proyectos tur\u00edsticos)<br>\u30fbAsociaci\u00f3n General Incorporada de Investigaci\u00f3n de Situaciones Nacionales e Internacionales (recolecci\u00f3n de ejemplos exitosos de otras prefecturas y gobiernos locales\/entrevistas\/organizaci\u00f3n de conferencias)<br>\u30fbAsociaci\u00f3n General Incorporada de Investigaci\u00f3n de Administraci\u00f3n Local y Finanzas (recolecci\u00f3n de ejemplos exitosos de otras prefecturas y gobiernos locales\/entrevistas)<br>\u30fbAsociaci\u00f3n General Incorporada de Encuestas Centrales (apoyo en proyectos de investigaci\u00f3n)<br>\u30fbAsociaci\u00f3n General Incorporada de Albergo Diffuso Internacional Rama del Extremo Oriente (apoyo como organizaci\u00f3n de certificaci\u00f3n internacional)<br>\u30fbAsociaci\u00f3n General Incorporada de Alojamiento en Residencias (cooperaci\u00f3n en la elaboraci\u00f3n de estrategias DX de turismo\/conexi\u00f3n con OTA)<br>\u30fbWakuwaku Company Otaki Co., Ltd. (cooperaci\u00f3n en proyectos tur\u00edsticos regionales)<br>\u30fbAsociaci\u00f3n de Turismo de la Ciudad de Katsuura (cooperaci\u00f3n en proyectos tur\u00edsticos regionales)<br>\u30fbTurismo Isumi (cooperaci\u00f3n en proyectos tur\u00edsticos regionales)<br>\u30fbAsociaci\u00f3n de Turismo del Pueblo de Otaki (cooperaci\u00f3n en proyectos tur\u00edsticos regionales)<br>\u30fbAsociaci\u00f3n de Turismo del Pueblo de Onjuku (cooperaci\u00f3n en proyectos tur\u00edsticos regionales)<\/td><\/tr><tr><td>Consulta<\/td><td><a href=\"mailto:info@jpgs.jp\">info@jpgs.jp<\/a><\/td><\/tr><tr><td>URL de la empresa<\/td><td><a href=\"https:\/\/jpgs.jp\">https:\/\/jpgs.jp<\/a><\/td><\/tr><\/tbody><\/table><\/figure>\n","protected":false},"excerpt":{"rendered":"La empresa JPGS fue registrada el 29 de marzo de 2024 como candidata a DMO (Organizaci\u00f3n de Gesti\u00f3n de Destino) en cooperaci\u00f3n regional por la Agencia de ...","protected":false},"author":2,"featured_media":0,"parent":0,"menu_order":0,"comment_status":"closed","ping_status":"closed","template":"","meta":{"footnotes":""},"class_list":["post-52","page","type-page","status-publish","hentry"],"_links":{"self":[{"href":"https:\/\/jpgs.jp\/es\/index.php?rest_route=\/wp\/v2\/pages\/52","targetHints":{"allow":["GET"]}}],"collection":[{"href":"https:\/\/jpgs.jp\/es\/index.php?rest_route=\/wp\/v2\/pages"}],"about":[{"href":"https:\/\/jpgs.jp\/es\/index.php?rest_route=\/wp\/v2\/types\/page"}],"author":[{"embeddable":true,"href":"https:\/\/jpgs.jp\/es\/index.php?rest_route=\/wp\/v2\/users\/2"}],"replies":[{"embeddable":true,"href":"https:\/\/jpgs.jp\/es\/index.php?rest_route=%2Fwp%2Fv2%2Fcomments&post=52"}],"version-history":[{"count":37,"href":"https:\/\/jpgs.jp\/es\/index.php?rest_route=\/wp\/v2\/pages\/52\/revisions"}],"predecessor-version":[{"id":350,"href":"https:\/\/jpgs.jp\/es\/index.php?rest_route=\/wp\/v2\/pages\/52\/revisions\/350"}],"wp:attachment":[{"href":"https:\/\/jpgs.jp\/es\/index.php?rest_route=%2Fwp%2Fv2%2Fmedia&parent=52"}],"curies":[{"name":"wp","href":"https:\/\/api.w.org\/{rel}","templated":true}]}}